{"id":14260,"date":"2022-05-20T16:35:11","date_gmt":"2022-05-20T14:35:11","guid":{"rendered":"https:\/\/www.solobarcos.es\/ads\/vacaciones-en-un-catamaran-ibiza-formentera\/"},"modified":"2022-11-11T09:26:30","modified_gmt":"2022-11-11T07:26:30","slug":"vacaciones-en-un-catamaran-ibiza-formentera","status":"publish","type":"advert","link":"https:\/\/solobarcos.es\/en\/ads\/vacaciones-en-un-catamaran-ibiza-formentera\/","title":{"rendered":"SEMANA DE VACACIONES EN UN CATAMAR\u00c1N IBIZA-FORMENTERA."},"content":{"rendered":"<div id=\"solob-1161300811\" class=\"solob-entre-el-anuncio solob-entity-placement\" style=\"margin-top: 10px;margin-bottom: 10px;margin-left: auto;margin-right: auto;text-align: center;\"><script async src=\"\/\/pagead2.googlesyndication.com\/pagead\/js\/adsbygoogle.js?client=ca-pub-7277016555657452\" crossorigin=\"anonymous\"><\/script><ins class=\"adsbygoogle\" style=\"display:block; text-align:center;\" data-ad-client=\"ca-pub-7277016555657452\" \ndata-ad-slot=\"4386735946\" \ndata-ad-layout=\"in-article\"\ndata-ad-format=\"fluid\"><\/ins>\n<script> \n(adsbygoogle = window.adsbygoogle || []).push({}); \n<\/script>\n<\/div><p>PROPUESTA SEMANA DE VACACIONES EN CATAMARAN &#8211; Puerto de Ibiza<\/p>\n<p>Catamar\u00e1n: Beneteau Excess11<\/p>\n<ul>\n<li>4 CAMAROTES DOBLES<\/li>\n<li>SAL\u00d3N convertible en CAMA con capacidad para 2 personas m\u00e1s.<\/li>\n<li>La tripulaci\u00f3n duerme en su camarote del pat\u00edn de la embarcaci\u00f3n.<\/li>\n<\/ul>\n<p>Capacidad total 8 tripulantes + Patr\u00f3n + Hostess (opcional).<\/p><div id=\"solob-2523575881\" class=\"solob-content-placement-after-3rd-paragraph solob-entity-placement\" style=\"margin-bottom: 5px;\"><a href=\"https:\/\/www.blueoceanibiza.com\/es\/alquiler-barcos-ibiza\/barco\/ref-613-de-antonio-d34-cea-iii\" target=\"_blank\" aria-label=\"horizontal-3\"><img src=\"https:\/\/solobarcos.es\/wp-content\/uploads\/2024\/07\/horizontal-3.gif\" alt=\"\"  class=\"no-lazyload\" width=\"640\" height=\"160\"   \/><\/a><\/div>\n<p>El embarque siempre es el S\u00e1bado a 20:00h el desembarque es el S\u00e1bado a las 09:00h (Estas horas no se pueden modificar debido a que hay que preparar el barco para la siguiente tripulaci\u00f3n.)<\/p>\n<p>\u2747\ufe0fPrecio alquiler:<\/p>\n<p>Del 04 Jun &#8211; 25 Jun &#8212; 6.790\u20ac<\/p>\n<p>Del 25 Jun &#8211; 23 Jul &#8212; 7.490\u20ac<\/p>\n<p>Del 23 Jul &#8211; 20 Ago &#8212; 8.890\u20ac<\/p>\n<p>Del 20 Ago &#8211; 10 Sep &#8212; 7.490\u20ac<\/p>\n<p>+ Patr\u00f3n (1.400\u20ac\/semana)<\/p>\n<p>+ Pack confort 550\u20ac (incluye limpieza final, s\u00e1banas, toallas, gas y embarcaci\u00f3n auxiliar)<\/p>\n<p>+ 1 Noche de amarre en Puerto, 310\u20ac (para recarga de dep\u00f3sitos,\u00a0 alimentaci\u00f3n, etc)<\/p>\n<p>+ Combustible (depende del uso del motor, el combustible que se suele gastar es aproximadamente por charter de 1 semana sobre unos 400\u20ac. No obstante se sale con el tanque lleno y se regresa con el tanque lleno)<\/p>\n<p>\u2747\ufe0fFIANZA \/DEPOSITO: 3000\u20ac para cubrir los desperfectos que se hayan podido ocasionar en la embarcaci\u00f3n. Se hace un cargo por TPV que luego se libera.<\/p>\n<p>El cliente puede decidir lugares de navegaci\u00f3n, siempre dependiendo de la meteorolog\u00eda. Si no tiene preferencias es el Patr\u00f3n el que establece el plan de navegaci\u00f3n.<\/p>\n<p>Itinerario habitual:Cala JondalCala TaridaCala CompteCala Espalmador (Formentera)Playa de Illetes (Formentera)Cala Saona (Formentera)y regreso a Ibiza.<\/p>\n<p>Para que hagas un c\u00e1lculo aproximado del precio total:<\/p>\n<p>\u2747\ufe0fPrecio alquiler (cada semana en Julio\/Agosto tiene un precio distinto, que oscila entre 7.490-8.890\u20ac)<\/p>\n<p>\u2747\ufe0fPatr\u00f3n 1.400\u20ac a la semana.<\/p>\n<p>\u2747\ufe0fPack Comfort: Limpieza, juego de s\u00e1banas y toalla para ducha y aseo, Gas y embarcaci\u00f3n auxiliar: precio global 550\u20ac.<\/p>\n<p>\u2747\ufe0fEl precio global del combustible suelen ser unos 400\u20ac\/week.<\/p>\n<p>\u2747\ufe0fNoche de Amarre precio total 310\u20ac (1 noche de amarre es recomendable a la semana para descanso en tierra).<\/p>\n<p>\u2747\ufe0fComida y bebida: suele salir por unos 100\u20ac\/semana por persona.<\/p>\n<p>Servicios Premium opcionales:<\/p>\n<p>\u2705Paddle Surf 180\u20ac\/semana. Tenemos 2 Tablas de Paddle Surf.Tabla de paddel surf: 180\u20ac<\/p>\n<p>\u2705Alquiler equipo snorkel: 15\u20ac\/pers<\/p>\n<p>\u2705Wifi: 60\u20ac<\/p>\n<p>\u2705Transfer recogida clientes: bajo presupuesto<\/p>\n<p>\u2705Mariner@ \/ cociner@ : 1.300\u20ac la semana<\/p>\n<p>\u2705Azafat@ : 1.300\u20ac la semana<\/p>\n","protected":false},"excerpt":{"rendered":"<p>PROPUESTA SEMANA DE VACACIONES EN CATAMARAN &#8211; Puerto de Ibiza Catamar\u00e1n: Beneteau Excess11 4 CAMAROTES DOBLES SAL\u00d3N convertible en CAMA con capacidad para 2 personas m\u00e1s. La tripulaci\u00f3n duerme en su camarote del pat\u00edn de la embarcaci\u00f3n. Capacidad total 8 tripulantes + Patr\u00f3n + Hostess (opcional). El embarque siempre es el S\u00e1bado a 20:00h el&#8230;<\/p>\n","protected":false},"author":469,"featured_media":14263,"comment_status":"open","ping_status":"closed","template":"","advert-category":[1673,269],"class_list":["post-14260","advert","type-advert","status-publish","has-post-thumbnail","hentry","advert-category-alq-catamaran","advert-category-alquiler-de-embarcaciones","eslora-alq-2835","manga-alq-2836","num-de-camarotes-4-dobles","n-tripulantes-1695","patron-obligatorio-si"],"yoast_head":"<!-- This site is optimized with the Yoast SEO plugin v27.5 - https:\/\/yoast.com\/product\/yoast-seo-wordpress\/ -->\n<title>Alquilar SEMANA DE VACACIONES EN UN CATAMAR\u00c1N IBIZA-FORMENTERA. online - Solo barcos<\/title>\n<meta name=\"description\" content=\"Alquilar SEMANA DE VACACIONES EN UN CATAMAR\u00c1N IBIZA-FORMENTERA. en nuestra tienda de barcos y accesorios. El mayor cat\u00e1logo al mejor precio.\" \/>\n<meta name=\"robots\" content=\"index, follow, max-snippet:-1, max-image-preview:large, max-video-preview:-1\" \/>\n<link rel=\"canonical\" href=\"https:\/\/solobarcos.es\/en\/ads\/vacaciones-en-un-catamaran-ibiza-formentera\/\" \/>\n<meta property=\"og:locale\" content=\"en_US\" \/>\n<meta property=\"og:type\" content=\"article\" \/>\n<meta property=\"og:title\" content=\"Alquilar SEMANA DE VACACIONES EN UN CATAMAR\u00c1N IBIZA-FORMENTERA. online - Solo barcos\" \/>\n<meta property=\"og:description\" content=\"Alquilar SEMANA DE VACACIONES EN UN CATAMAR\u00c1N IBIZA-FORMENTERA. en nuestra tienda de barcos y accesorios. El mayor cat\u00e1logo al mejor precio.\" \/>\n<meta property=\"og:url\" content=\"https:\/\/solobarcos.es\/en\/ads\/vacaciones-en-un-catamaran-ibiza-formentera\/\" \/>\n<meta property=\"og:site_name\" content=\"Solo barcos\" \/>\n<meta property=\"article:publisher\" content=\"http:\/\/www.facebook.com\/solobarcos.es\" \/>\n<meta property=\"article:modified_time\" content=\"2022-11-11T07:26:30+00:00\" \/>\n<meta property=\"og:image\" content=\"https:\/\/solobarcos.es\/wp-content\/uploads\/2022\/05\/Detalle-casco-scaled.webp\" \/>\n\t<meta property=\"og:image:width\" content=\"800\" \/>\n\t<meta property=\"og:image:height\" content=\"533\" \/>\n\t<meta property=\"og:image:type\" content=\"image\/webp\" \/>\n<meta name=\"twitter:card\" content=\"summary_large_image\" \/>\n<meta name=\"twitter:label1\" content=\"Est. reading time\" \/>\n\t<meta name=\"twitter:data1\" content=\"2 minutes\" \/>\n<script type=\"application\/ld+json\" class=\"yoast-schema-graph\">{\"@context\":\"https:\\\/\\\/schema.org\",\"@graph\":[{\"@type\":\"WebPage\",\"@id\":\"https:\\\/\\\/solobarcos.es\\\/en\\\/ads\\\/vacaciones-en-un-catamaran-ibiza-formentera\\\/\",\"url\":\"https:\\\/\\\/solobarcos.es\\\/en\\\/ads\\\/vacaciones-en-un-catamaran-ibiza-formentera\\\/\",\"name\":\"Alquilar SEMANA DE VACACIONES EN UN CATAMAR\u00c1N IBIZA-FORMENTERA. online - Solo barcos\",\"isPartOf\":{\"@id\":\"https:\\\/\\\/solobarcos.es\\\/en\\\/#website\"},\"primaryImageOfPage\":{\"@id\":\"https:\\\/\\\/solobarcos.es\\\/en\\\/ads\\\/vacaciones-en-un-catamaran-ibiza-formentera\\\/#primaryimage\"},\"image\":{\"@id\":\"https:\\\/\\\/solobarcos.es\\\/en\\\/ads\\\/vacaciones-en-un-catamaran-ibiza-formentera\\\/#primaryimage\"},\"thumbnailUrl\":\"https:\\\/\\\/solobarcos.es\\\/wp-content\\\/uploads\\\/2022\\\/05\\\/Detalle-casco-scaled.webp\",\"datePublished\":\"2022-05-20T14:35:11+00:00\",\"dateModified\":\"2022-11-11T07:26:30+00:00\",\"description\":\"Alquilar SEMANA DE VACACIONES EN UN CATAMAR\u00c1N IBIZA-FORMENTERA. en nuestra tienda de barcos y accesorios. El mayor cat\u00e1logo al mejor precio.\",\"breadcrumb\":{\"@id\":\"https:\\\/\\\/solobarcos.es\\\/en\\\/ads\\\/vacaciones-en-un-catamaran-ibiza-formentera\\\/#breadcrumb\"},\"inLanguage\":\"en-US\",\"potentialAction\":[{\"@type\":\"ReadAction\",\"target\":[\"https:\\\/\\\/solobarcos.es\\\/en\\\/ads\\\/vacaciones-en-un-catamaran-ibiza-formentera\\\/\"]}]},{\"@type\":\"ImageObject\",\"inLanguage\":\"en-US\",\"@id\":\"https:\\\/\\\/solobarcos.es\\\/en\\\/ads\\\/vacaciones-en-un-catamaran-ibiza-formentera\\\/#primaryimage\",\"url\":\"https:\\\/\\\/solobarcos.es\\\/wp-content\\\/uploads\\\/2022\\\/05\\\/Detalle-casco-scaled.webp\",\"contentUrl\":\"https:\\\/\\\/solobarcos.es\\\/wp-content\\\/uploads\\\/2022\\\/05\\\/Detalle-casco-scaled.webp\",\"width\":800,\"height\":533},{\"@type\":\"BreadcrumbList\",\"@id\":\"https:\\\/\\\/solobarcos.es\\\/en\\\/ads\\\/vacaciones-en-un-catamaran-ibiza-formentera\\\/#breadcrumb\",\"itemListElement\":[{\"@type\":\"ListItem\",\"position\":1,\"name\":\"Portada\",\"item\":\"https:\\\/\\\/solobarcos.es\\\/en\\\/\"},{\"@type\":\"ListItem\",\"position\":2,\"name\":\"Ads\",\"item\":\"https:\\\/\\\/solobarcos.es\\\/en\\\/ads\\\/\"},{\"@type\":\"ListItem\",\"position\":3,\"name\":\"Alquiler de barcos\",\"item\":\"https:\\\/\\\/solobarcos.es\\\/en\\\/categoria-anuncios-nauticos\\\/alquiler-de-embarcaciones\\\/\"},{\"@type\":\"ListItem\",\"position\":4,\"name\":\"Alquiler Catamar\u00e1n\",\"item\":\"https:\\\/\\\/solobarcos.es\\\/en\\\/categoria-anuncios-nauticos\\\/alq-catamaran\\\/\"},{\"@type\":\"ListItem\",\"position\":5,\"name\":\"SEMANA DE VACACIONES EN UN CATAMAR\u00c1N IBIZA-FORMENTERA.\"}]},{\"@type\":\"WebSite\",\"@id\":\"https:\\\/\\\/solobarcos.es\\\/en\\\/#website\",\"url\":\"https:\\\/\\\/solobarcos.es\\\/en\\\/\",\"name\":\"Solo barcos\",\"description\":\"Barcos de ocasi\u00f3n, alquiler de barcos y servicios n\u00e1uticos\",\"publisher\":{\"@id\":\"https:\\\/\\\/solobarcos.es\\\/en\\\/#organization\"},\"potentialAction\":[{\"@type\":\"SearchAction\",\"target\":{\"@type\":\"EntryPoint\",\"urlTemplate\":\"https:\\\/\\\/solobarcos.es\\\/en\\\/?s={search_term_string}\"},\"query-input\":{\"@type\":\"PropertyValueSpecification\",\"valueRequired\":true,\"valueName\":\"search_term_string\"}}],\"inLanguage\":\"en-US\"},{\"@type\":\"Organization\",\"@id\":\"https:\\\/\\\/solobarcos.es\\\/en\\\/#organization\",\"name\":\"Solo barcos\",\"url\":\"https:\\\/\\\/solobarcos.es\\\/en\\\/\",\"logo\":{\"@type\":\"ImageObject\",\"inLanguage\":\"en-US\",\"@id\":\"https:\\\/\\\/solobarcos.es\\\/en\\\/#\\\/schema\\\/logo\\\/image\\\/\",\"url\":\"https:\\\/\\\/www.solobarcos.es\\\/wp-content\\\/uploads\\\/2019\\\/08\\\/logo-solobarcos-e1565784080649.png\",\"contentUrl\":\"https:\\\/\\\/www.solobarcos.es\\\/wp-content\\\/uploads\\\/2019\\\/08\\\/logo-solobarcos-e1565784080649.png\",\"width\":256,\"height\":128,\"caption\":\"Solo barcos\"},\"image\":{\"@id\":\"https:\\\/\\\/solobarcos.es\\\/en\\\/#\\\/schema\\\/logo\\\/image\\\/\"},\"sameAs\":[\"http:\\\/\\\/www.facebook.com\\\/solobarcos.es\",\"https:\\\/\\\/www.instagram.com\\\/solobarcos.es\\\/\",\"https:\\\/\\\/www.linkedin.com\\\/company\\\/15810021\"]}]}<\/script>\n<!-- \/ Yoast SEO plugin. -->","yoast_head_json":{"title":"Alquilar SEMANA DE VACACIONES EN UN CATAMAR\u00c1N IBIZA-FORMENTERA. online - Solo barcos","description":"Alquilar SEMANA DE VACACIONES EN UN CATAMAR\u00c1N IBIZA-FORMENTERA. en nuestra tienda de barcos y accesorios. El mayor cat\u00e1logo al mejor precio.","robots":{"index":"index","follow":"follow","max-snippet":"max-snippet:-1","max-image-preview":"max-image-preview:large","max-video-preview":"max-video-preview:-1"},"canonical":"https:\/\/solobarcos.es\/en\/ads\/vacaciones-en-un-catamaran-ibiza-formentera\/","og_locale":"en_US","og_type":"article","og_title":"Alquilar SEMANA DE VACACIONES EN UN CATAMAR\u00c1N IBIZA-FORMENTERA. online - Solo barcos","og_description":"Alquilar SEMANA DE VACACIONES EN UN CATAMAR\u00c1N IBIZA-FORMENTERA. en nuestra tienda de barcos y accesorios. El mayor cat\u00e1logo al mejor precio.","og_url":"https:\/\/solobarcos.es\/en\/ads\/vacaciones-en-un-catamaran-ibiza-formentera\/","og_site_name":"Solo barcos","article_publisher":"http:\/\/www.facebook.com\/solobarcos.es","article_modified_time":"2022-11-11T07:26:30+00:00","og_image":[{"width":800,"height":533,"url":"https:\/\/solobarcos.es\/wp-content\/uploads\/2022\/05\/Detalle-casco-scaled.webp","type":"image\/webp"}],"twitter_card":"summary_large_image","twitter_misc":{"Est. reading time":"2 minutes"},"schema":{"@context":"https:\/\/schema.org","@graph":[{"@type":"WebPage","@id":"https:\/\/solobarcos.es\/en\/ads\/vacaciones-en-un-catamaran-ibiza-formentera\/","url":"https:\/\/solobarcos.es\/en\/ads\/vacaciones-en-un-catamaran-ibiza-formentera\/","name":"Alquilar SEMANA DE VACACIONES EN UN CATAMAR\u00c1N IBIZA-FORMENTERA. online - Solo barcos","isPartOf":{"@id":"https:\/\/solobarcos.es\/en\/#website"},"primaryImageOfPage":{"@id":"https:\/\/solobarcos.es\/en\/ads\/vacaciones-en-un-catamaran-ibiza-formentera\/#primaryimage"},"image":{"@id":"https:\/\/solobarcos.es\/en\/ads\/vacaciones-en-un-catamaran-ibiza-formentera\/#primaryimage"},"thumbnailUrl":"https:\/\/solobarcos.es\/wp-content\/uploads\/2022\/05\/Detalle-casco-scaled.webp","datePublished":"2022-05-20T14:35:11+00:00","dateModified":"2022-11-11T07:26:30+00:00","description":"Alquilar SEMANA DE VACACIONES EN UN CATAMAR\u00c1N IBIZA-FORMENTERA. en nuestra tienda de barcos y accesorios. El mayor cat\u00e1logo al mejor precio.","breadcrumb":{"@id":"https:\/\/solobarcos.es\/en\/ads\/vacaciones-en-un-catamaran-ibiza-formentera\/#breadcrumb"},"inLanguage":"en-US","potentialAction":[{"@type":"ReadAction","target":["https:\/\/solobarcos.es\/en\/ads\/vacaciones-en-un-catamaran-ibiza-formentera\/"]}]},{"@type":"ImageObject","inLanguage":"en-US","@id":"https:\/\/solobarcos.es\/en\/ads\/vacaciones-en-un-catamaran-ibiza-formentera\/#primaryimage","url":"https:\/\/solobarcos.es\/wp-content\/uploads\/2022\/05\/Detalle-casco-scaled.webp","contentUrl":"https:\/\/solobarcos.es\/wp-content\/uploads\/2022\/05\/Detalle-casco-scaled.webp","width":800,"height":533},{"@type":"BreadcrumbList","@id":"https:\/\/solobarcos.es\/en\/ads\/vacaciones-en-un-catamaran-ibiza-formentera\/#breadcrumb","itemListElement":[{"@type":"ListItem","position":1,"name":"Portada","item":"https:\/\/solobarcos.es\/en\/"},{"@type":"ListItem","position":2,"name":"Ads","item":"https:\/\/solobarcos.es\/en\/ads\/"},{"@type":"ListItem","position":3,"name":"Alquiler de barcos","item":"https:\/\/solobarcos.es\/en\/categoria-anuncios-nauticos\/alquiler-de-embarcaciones\/"},{"@type":"ListItem","position":4,"name":"Alquiler Catamar\u00e1n","item":"https:\/\/solobarcos.es\/en\/categoria-anuncios-nauticos\/alq-catamaran\/"},{"@type":"ListItem","position":5,"name":"SEMANA DE VACACIONES EN UN CATAMAR\u00c1N IBIZA-FORMENTERA."}]},{"@type":"WebSite","@id":"https:\/\/solobarcos.es\/en\/#website","url":"https:\/\/solobarcos.es\/en\/","name":"Solo barcos","description":"Barcos de ocasi\u00f3n, alquiler de barcos y servicios n\u00e1uticos","publisher":{"@id":"https:\/\/solobarcos.es\/en\/#organization"},"potentialAction":[{"@type":"SearchAction","target":{"@type":"EntryPoint","urlTemplate":"https:\/\/solobarcos.es\/en\/?s={search_term_string}"},"query-input":{"@type":"PropertyValueSpecification","valueRequired":true,"valueName":"search_term_string"}}],"inLanguage":"en-US"},{"@type":"Organization","@id":"https:\/\/solobarcos.es\/en\/#organization","name":"Solo barcos","url":"https:\/\/solobarcos.es\/en\/","logo":{"@type":"ImageObject","inLanguage":"en-US","@id":"https:\/\/solobarcos.es\/en\/#\/schema\/logo\/image\/","url":"https:\/\/www.solobarcos.es\/wp-content\/uploads\/2019\/08\/logo-solobarcos-e1565784080649.png","contentUrl":"https:\/\/www.solobarcos.es\/wp-content\/uploads\/2019\/08\/logo-solobarcos-e1565784080649.png","width":256,"height":128,"caption":"Solo barcos"},"image":{"@id":"https:\/\/solobarcos.es\/en\/#\/schema\/logo\/image\/"},"sameAs":["http:\/\/www.facebook.com\/solobarcos.es","https:\/\/www.instagram.com\/solobarcos.es\/","https:\/\/www.linkedin.com\/company\/15810021"]}]}},"_links":{"self":[{"href":"https:\/\/solobarcos.es\/en\/wp-json\/wp\/v2\/advert\/14260","targetHints":{"allow":["GET"]}}],"collection":[{"href":"https:\/\/solobarcos.es\/en\/wp-json\/wp\/v2\/advert"}],"about":[{"href":"https:\/\/solobarcos.es\/en\/wp-json\/wp\/v2\/types\/advert"}],"author":[{"embeddable":true,"href":"https:\/\/solobarcos.es\/en\/wp-json\/wp\/v2\/users\/469"}],"replies":[{"embeddable":true,"href":"https:\/\/solobarcos.es\/en\/wp-json\/wp\/v2\/comments?post=14260"}],"version-history":[{"count":0,"href":"https:\/\/solobarcos.es\/en\/wp-json\/wp\/v2\/advert\/14260\/revisions"}],"wp:featuredmedia":[{"embeddable":true,"href":"https:\/\/solobarcos.es\/en\/wp-json\/wp\/v2\/media\/14263"}],"wp:attachment":[{"href":"https:\/\/solobarcos.es\/en\/wp-json\/wp\/v2\/media?parent=14260"}],"wp:term":[{"taxonomy":"advert-category","embeddable":true,"href":"https:\/\/solobarcos.es\/en\/wp-json\/wp\/v2\/advert-category?post=14260"}],"curies":[{"name":"wp","href":"https:\/\/api.w.org\/{rel}","templated":true}]}}